{"id":2063,"date":"2020-03-27T19:29:51","date_gmt":"2020-03-27T19:29:51","guid":{"rendered":"http:\/\/avruparicik.com\/about\/"},"modified":"2022-03-08T03:01:55","modified_gmt":"2022-03-08T00:01:55","slug":"about","status":"publish","type":"page","link":"https:\/\/avruparicik.com\/?page_id=2063","title":{"rendered":"Hakk\u0131m\u0131zda"},"content":{"rendered":"[vc_row][vc_column][vc_column_text]\n<div class=\"featured-area\">\n<div class=\"featured-area-inner\">\n<figure>\n<header class=\"entry-header-outer\">\n<div class=\"entry-header\">\n<div id=\"single-post-meta\" class=\"post-meta clearfix\">\n<h1 class=\"post-title entry-title\">Avrupa Dersim Ri\u00e7ikliler Derne\u011fimizin 1. Ola\u011fan Genel Kurulu ba\u015far\u0131yla sonu\u00e7land\u0131<\/h1>\n<\/div>\n<\/div>\n<\/header>\n<div class=\"featured-area\">\n<div class=\"featured-area-inner\">\n<figure class=\"single-featured-image\"><img loading=\"lazy\" decoding=\"async\" class=\"attachment-jannah-image-post wp-post-image aligncenter\" src=\"https:\/\/avruparicik.com\/wp-content\/uploads\/2021\/12\/4444444-780x470.jpg\" sizes=\"auto, (max-width: 780px) 100vw, 780px\" srcset=\"https:\/\/avruparicik.com\/wp-content\/uploads\/2021\/12\/4444444.jpg 780w, https:\/\/avruparicik.com\/wp-content\/uploads\/2021\/12\/4444444-300x181.jpg 300w, https:\/\/avruparicik.com\/wp-content\/uploads\/2021\/12\/4444444-768x463.jpg 768w\" alt=\"\" width=\"473\" height=\"286\" \/><\/figure>\n<\/div>\n<\/div>\n<div class=\"entry-content entry clearfix\">\n<p>25\u00a0Aral\u0131k 2021 tarihinde ger\u00e7ekle\u015fen kongremiz de yeni y\u00f6netimimiz belirlenmi\u015ftir .Aram\u0131za kat\u0131larak y\u00f6netime dahil olan sevgili dostlar\u0131m\u0131zla yolumuza devam edece\u011fiz.Beraber ba\u015flatt\u0131\u011f\u0131m\u0131z bu dayan\u0131\u015fma a\u011f\u0131nda bize destek vererek yan\u0131m\u0131zda olan t\u00fcm dostlar\u0131m\u0131za te\u015fekk\u00fcr ederiz!\u0130stanbul da bulunan Ri\u00e7ik derne\u011fi ba\u015fkan\u0131 say\u0131n Dilek Bak\u0131\u015f\u2019a,Ri\u00e7ik derne\u011fi kurucu ba\u015fkan\u0131 say\u0131n Feti Elald\u0131\u2019ya,k\u00f6y muhtar\u0131m\u0131z say\u0131n Bayram G\u00fczel\u2019e, say\u0131n Orhan Budak\u2019a,Mazgirt k\u00f6yleri dayan\u0131\u015fma derne\u011fi ba\u015fkan\u0131 Mustafa Aslan\u2019a ve g\u00f6nderdikleri mesajlarla bizi onore eden b\u00fct\u00fcn dostlar\u0131m\u0131za te\u015fekk\u00fcr ederiz!<\/p>\n<p><img loading=\"lazy\" decoding=\"async\" class=\"size-full wp-image-5843 alignleft\" src=\"http:\/\/avruparicik.com\/wp-content\/uploads\/2021\/12\/seoseoseo.jpg\" alt=\"\" width=\"900\" height=\"700\" \/><\/p>\n<\/div>\n<\/figure>\n<figure><\/figure>\n<figure><\/figure>\n<figure><\/figure>\n<figure><\/figure>\n<figure><\/figure>\n<figure class=\"single-featured-image\"><img loading=\"lazy\" decoding=\"async\" class=\"attachment-jannah-image-post wp-post-image aligncenter\" src=\"https:\/\/avruparicik.com\/wp-content\/uploads\/2021\/12\/10-780x470.jpg\" alt=\"\" width=\"524\" height=\"315\" \/><\/figure>\n<p><span style=\"font-size: 26px; font-weight: bold;\">Avrupa Dersim Ri\u00e7ikliler Derne\u011fi 1. Olagan genel Kurulu 2020\/2021 Faaliyet Raporu<\/span><\/p>\n<\/div>\n<\/div>\n<div class=\"entry-content entry clearfix\">\n<p>De\u011ferli \u00dcyelerimiz ve de\u011ferli misafirler,<br \/>\nDerne\u011fimizi kurdu\u011fumuz 19.01.2020 Tarihinden bug\u00fcne yakla\u015f\u0131k<br \/>\niki y\u0131l ge\u00e7mi\u015ftir.<br \/>\nBug\u00fcn, buraya bu s\u00fcre i\u00e7inde derne\u011fimizin Y\u00d6NET\u0130M KURULU<br \/>\nvas\u0131tas\u0131yla y\u00fcr\u00fctt\u00fc\u011f\u00fc faaliyetleri g\u00f6r\u00fc\u015fmek ve \u00f6n\u00fcm\u00fczdeki<br \/>\nd\u00f6nemde y\u00fcr\u00fctmeyi d\u00fc\u015f\u00fcnd\u00fc\u011f\u00fcm\u00fcz faaliyetleri de tespit etmek i\u00e7in<br \/>\ntoplan\u0131yoruz.<br \/>\nHer \u015feyden \u00f6nce belirtmeliyiz ki derne\u011fimizi kurma a\u015famas\u0131nda<br \/>\nheyecanla tasarlad\u0131\u011f\u0131m\u0131z isleri ne yaz\u0131k ki Pandemi dolay\u0131s\u0131yla<br \/>\nyeterince ger\u00e7ekle\u015ftirilemedi. Fakat t\u00fcm engellere ra\u011fmen ve \u00fcstelik<br \/>\nbu alanda yeterince tecr\u00fcbe ve bilgiye sahip olmam\u0131za ra\u011fmen<br \/>\n\u00f6nemli i\u015fleri ba\u015fard\u0131\u011f\u0131m\u0131z\u0131 belirtebiliriz.<br \/>\nT\u00fcz\u00fck ve ama\u00e7lar\u0131m\u0131za uygun faaliyetlerimizi y\u00fcr\u00fctebilmemiz i\u00e7in en<br \/>\nba\u015fta Derne\u011fimize t\u00fczel ki\u015filik kazand\u0131rmak amac\u0131yla t\u00fcz\u00fc\u011f\u00fcm\u00fcz\u00fc<br \/>\nAlman Dernekler Masas\u0131na kay\u0131t ettik. Kay\u0131tl\u0131 dernek stat\u00fcs\u00fcn\u00fc yani<br \/>\n\u201ceingetragene Verein e.V \u201eadini ald\u0131ktan sonra ise ba\u015flad\u0131k.<br \/>\nB\u00fct\u00fcn kurulu\u015flarda oldu\u011fu gibi derne\u011fimizin de kurulu\u015f ama\u00e7 ve<br \/>\nhedeflerini i\u00e7eren kurulu\u015f amac\u0131m\u0131z ve t\u00fcz\u00fc\u011f\u00fcm\u00fcze uygun olarak<br \/>\nfaaliyetlerimizi y\u00fcr\u00fctmemiz esast\u0131r.<br \/>\nBiz de t\u00fcz\u00fc\u011f\u00fcm\u00fczdeki yaz\u0131l\u0131 ama\u00e7lara uygun olarak yapt\u0131\u011f\u0131m\u0131z<br \/>\nfaaliyetleri s\u00f6yle s\u0131ralayabiliriz.<\/p>\n<p>1.Yurt d\u0131\u015f\u0131ndaki Riciklilerle ileti\u015fime ge\u00e7mek, derne\u011fimize yeni<br \/>\n\u00fcyeler kazand\u0131rmak. Bu ama\u00e7 i\u00e7in b\u00f6lgelerde toplant\u0131lar<br \/>\nd\u00fczenlemek, Avrupa\u2019da ya\u015fayan ve kongremize kat\u0131lamayan di\u011fer<br \/>\nRiciklilerle diyalo\u011fa ge\u00e7mek.<br \/>\n2. Kurulu\u015f ama\u00e7lar\u0131m\u0131zda form\u00fcle edilen k\u00f6y\u00fcm\u00fcz\u00fcn altyap\u0131 ve<br \/>\n\u00e7e\u015fitli sosyal islerine maddi katk\u0131 sunmak.<br \/>\n3. Derne\u011fimizin tan\u0131t\u0131m\u0131 ve \u00e7evre k\u00f6yleri de kapsayan k\u00fclt\u00fcrel<br \/>\nfaaliyetler y\u00fcr\u00fctmek.<br \/>\n4. Derne\u011fimizin tan\u0131t\u0131m\u0131 ve \u00f6nemli haberlerin yay\u0131nlanmas\u0131 icin bir<br \/>\ninternet sayfasinin olusturulmasi<\/p>\n<p>5. Sosyal faaliyetler.<br \/>\nYukar\u0131daki konulara ili\u015fkin y\u00fcr\u00fctt\u00fc\u011f\u00fcm\u00fcz faaliyetler s\u00f6yle:<br \/>\n(1) Derne\u011fimiz kurulduktan sonra; derne\u011fimize yeni \u00fcye<br \/>\nkazand\u0131rmak,k\u00f6yl\u00fclerimizle daha yak\u0131ndan ileti\u015fime ge\u00e7mek,k\u00f6ye<br \/>\ny\u00f6nelik d\u00fc\u015f\u00fcnd\u00fc\u011f\u00fcm\u00fcz projelerimizi anlatmak ve \u00fcye aidatlar\u0131n\u0131n<br \/>\nd\u0131\u015f\u0131nda ba\u011f\u0131\u015f kampanyas\u0131 y\u00fcr\u00fctmek i\u00e7in 01.10.2020 Tarihinde<br \/>\nPeine(Almanya) da 20.10.2020 Tarihinde Den Haag (Hollanda) da<br \/>\n25.10.2020 Tarihinde K\u00f6ln de toplant\u0131lar yap\u0131ld\u0131.<br \/>\n(2) Derne\u011fimizi kurduktan sonra K\u00f6y Muhtar\u0131 ve \u0130stanbul\u2019daki<br \/>\nRicikliler derne\u011fiyle irtibata ge\u00e7erek k\u00f6y\u00fcn acil sorunlar\u0131 hakk\u0131nda<br \/>\niki taraf\u0131nda g\u00f6r\u00fc\u015flerini ald\u0131k. \u00c7e\u015fitli toplant\u0131 ve telefon<br \/>\ng\u00f6r\u00fc\u015fmelerinde derne\u011fimizin de imkanlar\u0131 ve sa\u011flayabilece\u011fi<br \/>\nmaddi katk\u0131lar\u0131 iletmi\u015f olduk.<br \/>\n\u00d6ne \u00e7\u0131kan ve acilen olarak \u00e7\u00f6z\u00fclmesi gereken sorunlar\u0131n ba\u015f\u0131nda<br \/>\na) k\u00f6y mezarl\u0131k yerinin tespiti ve su ba\u011flant\u0131s\u0131n\u0131n sa\u011flanmas\u0131,<br \/>\nb) Mezra, Mahalle ve arazi yollar\u0131n\u0131n yap\u0131m\u0131,<br \/>\nc) Morg ve Cenaze y\u0131kama tesisin in\u015fas\u0131.<br \/>\nd) varolan k\u00f6y su \u015febekesinin yeni ihtiya\u00e7lara uygun olarak yeniden<br \/>\nba\u011flanmas\u0131 bi\u00e7iminde ilk ba\u015fta \u00f6ne \u00e7\u0131kan sorunlar olarak tespit<br \/>\nedildi.<br \/>\n\u0130nternet sayfas\u0131nda da yay\u0131nlad\u0131\u011f\u0131m\u0131z g\u00f6r\u00fcnt\u00fcl\u00fc haberlerde de<br \/>\ng\u00f6r\u00fclece\u011fi gibi. K\u00f6y mezarl\u0131\u011f\u0131na \u00e7ekilen su \u015febekesi derne\u011fimizin<br \/>\n\u00fcyesi TEK\u0130N ve MAC\u0130T ailesi taraf\u0131ndan, derne\u011fimiz daha kurulu\u015f<br \/>\na\u015famas\u0131ndayken masraflar\u0131 bir k\u0131sm\u0131 ger\u00e7ekle\u015ftirilmi\u015f oldu.<br \/>\nMezra yolu olarak en \u00f6nemli hat olan Beyazpinar(Qaniya SIPI) yolu<br \/>\nula\u015f\u0131ma a\u00e7\u0131ld\u0131 ve bizzat dernek ba\u015fkan\u0131m\u0131z Zeynel Selami<br \/>\ntaraf\u0131ndan yerinde kontrol edildi. Yol yap\u0131m i\u015fi i\u00e7in 600\u20ac masraf\u0131<br \/>\nderne\u011fimiz taraf\u0131ndan \u00fcstlendi.<br \/>\nMorg ve cenaze y\u0131kama yerinin in\u015fas\u0131 tamam\u0131yla derne\u011fimizin<br \/>\nmaddi katk\u0131s\u0131yla yap\u0131ld\u0131. Bu i\u015f i\u00e7in Derne\u011fimiz toplamda 9200\u20ac para<br \/>\n\u00f6dedi. Di\u011fer maddi katk\u0131lar\u0131n geni\u015f a\u00e7\u0131klamas\u0131 Mali Raporda<br \/>\na\u00e7\u0131kland\u0131\u011f\u0131 i\u00e7in burada sadece toplam miktar\u0131 aktar\u0131yoruz.<\/p>\n<p>Ayr\u0131ca Dernek Y\u00f6netim Kurulu \u00fcyemiz D\u00fczg\u00fcn Akdo\u011fan<br \/>\narkada\u015f\u0131m\u0131z\u0131n da kendi imkanlar\u0131yla k\u00f6y kona\u011f\u0131na 60 adet masa ve<br \/>\nsandelyeyide teslim ettigini belirtelim.<br \/>\nK\u00f6y su \u015febekesi i\u00e7in parasal tutar halen ortaya \u00e7\u0131km\u0131\u015f de\u011fil. K\u00f6y<br \/>\nMuhtarl\u0131\u011f\u0131yla yapt\u0131\u011f\u0131m\u0131z toplant\u0131 ve g\u00f6r\u00fc\u015fmelerle ortaya \u00e7\u0131kan<br \/>\nsonuc ; devletin bu i\u015f i\u00e7in en az y\u00fczde on(%10) k\u00f6y taraf\u0131ndan<br \/>\ndesteklenmesi \u015fart ko\u015fulmu\u015ftur. Halen genel masraf ortaya<br \/>\n\u00e7\u0131kmad\u0131\u011f\u0131 i\u00e7in yapaca\u011f\u0131m\u0131z maddi katk\u0131m\u0131z hakk\u0131nda somut bir<br \/>\nrakam\u0131 veremiyoruz. Ancak istenen maddi katk\u0131n\u0131n tamam\u0131n\u0131<br \/>\n\u00f6deyebilecek durumumuz s\u00f6z konusu de\u011fil. Bu katk\u0131n\u0131n<br \/>\nderne\u011fimiz, \u0130stanbul derne\u011fi ve k\u00f6y b\u00fct\u00e7esinden ortakla\u015fa<br \/>\nyap\u0131laca\u011f\u0131n\u0131 birlikte kararla\u015ft\u0131rmis durumday\u0131z.<br \/>\n3 Derne\u011fimizin tan\u0131t\u0131m\u0131 ayn\u0131 zamanda \u00e7evre k\u00f6ylerden dostlar\u0131m\u0131z\u0131<br \/>\nda bir araya getirmek amac\u0131yla 30 MAYIS 2020 Tarihinde yapmay\u0131<br \/>\nd\u00fc\u015f\u00fcnd\u00fc\u011f\u00fcm\u00fcz bulu\u015fma ve k\u00fclt\u00fcr gecesini ne yaz\u0131k ki t\u00fcm<br \/>\nhaz\u0131rl\u0131klar\u0131n\u0131 tamamlad\u0131\u011f\u0131m\u0131z halde pandemi sonucu gelen seyahat<br \/>\nve toplant\u0131 yasa\u011f\u0131ndan dolay\u0131 yapamad\u0131k. Ayn\u0131 k\u00fclt\u00fcr gece i\u00e7in<br \/>\ndavet etti\u011fimiz \u0130stanbul Ricikliler Derne\u011fi ba\u015fkan\u0131 Dilek Bak\u0131\u015f ve<br \/>\nK\u00f6y Muhtar\u0131 Bayram G\u00fczel in kat\u0131l\u0131m davetiyesini de iptal etmek<br \/>\nzorunda kald\u0131k. Yasaklar kalkt\u0131ktan sonra ilk imkanda b\u00f6yle bir<br \/>\nbulu\u015fmay\u0131 mutlaka yeniden organize eme\u011fi d\u00fc\u015f\u00fcn\u00fcyoruz.<br \/>\n4 \u0130nternet sayfam\u0131z\u0131n olu\u015fturulmas\u0131 \/yay\u0131n faaliyetlerimiz.<br \/>\n\u0130lgi duyan \u00fcyelerimiz ve bizi takip eden herkesin de bildi\u011fi gibi:<br \/>\nDerne\u011fimizi tan\u0131tmak, Derne\u011fimizin faaliyetlerini kitlemize ve bizi<br \/>\ntakip eden \u00e7evrelere ula\u015ft\u0131rmak amac\u0131yla bir internet sayfas\u0131n\u0131<br \/>\nolu\u015fturduk. Bize ula\u015fmak ve faaliyetlerimizi takip etmek i\u00e7in herkes<br \/>\nwww.avruparicik.com sayfam\u0131zda bizi takip edebiliyor. Bu konuda<br \/>\nyeterince teknik tecr\u00fcbeye sahip olmad\u0131\u011f\u0131m\u0131z i\u00e7in ideal bir sayfay\u0131<br \/>\nolu\u015fturdu\u011fumuzu iddia edemeyiz. Ancak k\u0131sa bir s\u00fcre i\u00e7inde b\u00f6yle<br \/>\nbir ileti\u015fim arac\u0131n\u0131 ba\u015farm\u0131\u015f olmam\u0131z \u00f6nemli bir geli\u015fmedir. Bu<br \/>\nkongre vas\u0131tas\u0131yla yay\u0131n faaliyetimize katk\u0131 sa\u011flamak amac\u0131yla<br \/>\nherkesten katk\u0131 talep ediyoruz. Umut ederiz ki kongremizden sonra<br \/>\nher \u00fcyemiz sayfam\u0131za haber, yorum ve mesajlar\u0131yla destek sunarlar.<\/p>\n<p>Zira bu sayfa hepimizin ortak sesidir. Herkes taraf\u0131ndan daha<br \/>\nbe\u011fenilebilir bir sayfaya d\u00f6n\u00fc\u015ft\u00fcrmek i\u00e7in kollektif eme\u011fe ihtiyac\u0131m\u0131z<br \/>\nvar.<br \/>\n5 Yukar\u0131daki faaliyetlerin d\u0131\u015f\u0131nda derne\u011fimiz taraf\u0131ndan Dar\u0131kent<br \/>\n(Muhundi) ilkokuluna devam eden 34 \u00f6\u011frencinin k\u0131\u015fl\u0131k giyim e\u015fyalar\u0131 her<br \/>\n\u00f6\u011frenci i\u00e7in (Parke, Bot, Atk\u0131 ve Bereden olu\u015fan) sat\u0131n al\u0131narak okul<br \/>\nM\u00fcd\u00fcr\u00fcne teslim edilmi\u015ftir. Bu giyim e\u015fyalar\u0131 i\u00e7in derne\u011fimiz taraf\u0131ndan<br \/>\nkaynak saglanmistir.<br \/>\n\u00d6n\u00fcm\u00fczdeki d\u00f6nemde ayn\u0131 okulda bir k\u00fct\u00fcphanenin olu\u015fturmas\u0131 i\u00e7in bir<br \/>\nproje de dusunuyoruz. G\u00f6n\u00fcl isterdi ki k\u00f6y okulumuz kapanmasayd\u0131 ve<br \/>\nbu faaliyetleri do\u011frudan k\u00f6y\u00fcm\u00fczde yapabilseydik.<br \/>\n\u00d6n\u00fcm\u00fczdeki d\u00f6nemde k\u00f6yde yap\u0131lmas\u0131n\u0131 istedi\u011fimiz, ya da teklif<br \/>\nedece\u011fimiz projeleri s\u00f6yle s\u0131ralayabiliriz.<br \/>\n1-K\u00f6y su \u015febekesine maddi katk\u0131. Bu konuda yukar\u0131da da belirtti\u011fimiz<br \/>\ngibi halen \u00e7al\u0131\u015fmalar devam ediyor sonuca g\u00f6re tav\u0131r alaca\u011f\u0131z.<br \/>\n2-K\u00f6y arazisinde faydalanamayacak durumda olan baz\u0131 \u00e7e\u015fmelerin i\u015fler<br \/>\nhale getirilmesi ve piknik alan\u0131 olarak kullan\u0131labilecek \u015fekilde etraf\u0131n\u0131n<br \/>\nd\u00fczenlenmesi ve a\u011fa\u00e7land\u0131r\u0131lmas\u0131 .<br \/>\n3- Y\u00fcr\u00fcmeye bile musait olmayan arazi yollar\u0131n\u0131n trakt\u00f6r ve tar\u0131m<br \/>\nara\u00e7lar\u0131n\u0131n kullanabilece\u011fi duruma getirme faaliyeti.<br \/>\n4-K\u00f6y meralar\u0131nda a\u011fa\u00e7s\u0131z yerlerin a\u011fa\u00e7land\u0131r\u0131lmas\u0131. Bu a\u011fa\u00e7land\u0131rma isi<br \/>\nerozyonu \u00f6nlemek i\u00e7in gerekli olman\u0131n d\u0131\u015f\u0131nda, ekolojik yap\u0131ya da katk\u0131<br \/>\nsa\u011flayacakt\u0131r. Bu proje i\u00e7in bir YK \u00fcyesi(yeni se\u00e7ilecek) mutlaka<br \/>\ng\u00f6revlendirilmeli. isin masraf\u0131 ve dikilecek a\u011fa\u00e7 t\u00fcr\u00fc i\u00e7inde bilgi edinmek<br \/>\ngerekir. Ayn\u0131 zamanda bu isin ilgili resmi kurulu\u015flar\u0131yla ileti\u015fime ge\u00e7mek<br \/>\ngerekir. Kongreden sonra K\u00f6y muhtar\u0131 ve \u0130stanbul derne\u011fiyle birlikte<br \/>\nb\u00f6yle bir projeyi konu\u015fup ortak hareket edilmelidir.<br \/>\n5-K\u00f6y arazisinde kay\u0131p olmakla kar\u015f\u0131 kar\u015f\u0131 olan baz\u0131 meyve a\u011fa\u00e7lar\u0131n\u0131n<br \/>\nkorunmas\u0131 i\u00e7in bir plan\u0131n haz\u0131rlanmas\u0131. K\u00f6ye gidip gelen arkada\u015flar\u0131n\u0131n<br \/>\ng\u00f6rd\u00fc\u011f\u00fc gibi k\u00f6y arazisinde eskiden yo\u011fun olarak var olan birtak\u0131m<br \/>\nmeyve a\u011fa\u00e7lar\u0131n ya yokolmu\u015f ya da yok olmaya y\u00fcz tutmustur. Ayr\u0131ca<br \/>\nk\u00f6y arazisine ve iklimine uygun yeni meyve a\u011fa\u00e7lar\u0131n\u0131n temini ve dikimi<br \/>\nte\u015fvik edilmelidir.<br \/>\nYukar\u0131daki konular\u0131 kongrede geni\u015f\u00e7e tart\u0131\u015f\u0131p yap\u0131labilecek isleri K\u00f6y<br \/>\nmuhtarl\u0131\u011f\u0131na ve \u0130stanbul derne\u011fine sunmal\u0131y\u0131z. Bu projelerin baz\u0131lar\u0131n\u0131<br \/>\nkendimiz de tek ba\u015f\u0131m\u0131za organize edip y\u00fcr\u00fctebiliriz.<br \/>\nAVRUPA DERS\u0130M R\u0130\u00c7\u0130KL\u0130LER DERNE\u011e\u0130 YONET\u0130M KURULU<\/p>\n<div class=\"post-bottom-meta post-bottom-edit\">\n<div class=\"post-bottom-meta-title\"><\/div>\n<\/div>\n<\/div>\n<p><strong><img loading=\"lazy\" decoding=\"async\" class=\"alignnone wp-image-7148 \" src=\"https:\/\/avruparicik.com\/wp-content\/uploads\/2022\/02\/333333-300x192.jpg\" alt=\"\" width=\"553\" height=\"354\" srcset=\"https:\/\/avruparicik.com\/wp-content\/uploads\/2022\/02\/333333-300x192.jpg 300w, https:\/\/avruparicik.com\/wp-content\/uploads\/2022\/02\/333333-768x492.jpg 768w, https:\/\/avruparicik.com\/wp-content\/uploads\/2022\/02\/333333.jpg 780w\" sizes=\"auto, (max-width: 553px) 100vw, 553px\" \/><\/strong><\/p>\n<p><strong>Avrupa Dersim Ri\u00e7ikliler Derne\u011fi&#8217;nin Kurulu\u015f Amac\u0131:<\/strong><br \/>\nDe\u011ferli okuyucular, De\u011ferli Ri\u00e7ikliler,<br \/>\nDerne\u011fimizin kurulu\u015f amac\u0131n\u0131 anlatmadan \u00f6nce buraya ne zaman ve nas\u0131l geldi\u011fimizi, neden burada oldu\u011fumuzu k\u0131saca anlatmak istiyoruz.<br \/>\nBilindi\u011fi gibi 2. D\u00fcnya sava\u015f\u0131ndan dolayi Bat\u0131 Avrupa \u00fclkelerinde sava\u015fta milyonlarca insan\u0131n \u00f6lm\u00fc\u015f olmas\u0131 geli\u015fmi\u015f bu sanayi \u00fclkelerinde muazzam bir i\u015fg\u00fcc\u00fc kayb\u0131n\u0131 da beraberinde getirmi\u015fti. Bati Avrupa \u00fclkeleri ortaya \u00e7\u0131kan bu i\u015fg\u00fcc\u00fc kay\u0131plar\u0131n\u0131 daha fakir ve az geli\u015fmi\u015f \u00fclkelerden temin etme yoluna gitmi\u015flerdir.<br \/>\nT\u00fcrkiye\u2019den de Avrupa\u2019ya ilk i\u015f g\u00f6\u00e7\u00fc 1963\u2019ten itibaren ba\u015flam\u0131\u015f oldu. K\u00f6y\u00fcm\u00fcz Ri\u00e7ik\u2019ten de 1963 y\u0131l\u0131ndan itibaren Almanya, Hollanda, Fransa ve Avusturya\u2019ya az say\u0131da ki\u015fi \u00e7al\u0131\u015fmak i\u00e7in gelmi\u015f oldu. 70\u2019li y\u0131llara kadar gelen say\u0131 10-12 ki\u015fiyi ge\u00e7mez. \u0130lk ba\u015fta di\u011fer T\u00fcrkiyelilerin de d\u00fc\u015f\u00fcnd\u00fc\u011f\u00fc gibi Ri\u00e7ikliler de 3-5 y\u0131l \u00e7al\u0131\u015f\u0131p geri d\u00f6nmek \u015feklinde d\u00fc\u015f\u00fcn\u00fcyorlard\u0131. Ancak bu b\u00f6yle olmad\u0131; T\u00fcrkiye\u2019deki ekonomik durum buna elvermedi. Gelenler ard\u0131ndan ailelerini de getirerek burada kal\u0131c\u0131 olmaya ba\u015flad\u0131lar.<br \/>\n1974 de Avrupa&#8217;da petrol kriziyle ba\u015flayan ekonomik buhran Avrupa&#8217;ya art\u0131k d\u0131\u015far\u0131dan \u2018g\u00f6n\u00fcll\u00fc i\u015f g\u00f6\u00e7\u00fcn\u00fc\u2019 de durdurtmu\u015f oldu. Yabanc\u0131lara kar\u015f\u0131 getirilen birtak\u0131m k\u0131s\u0131tlamalar\u0131n d\u0131\u015f\u0131nda devletlerin geri g\u00f6nderme te\u015fvik primleri de bu kal\u0131c\u0131 olmay\u0131 direk etkilemedi. Geri d\u00f6nen hemen hemen olmad\u0131. 1974 den sonra g\u00f6\u00e7 edenler sadece \u2018aile birle\u015fimi\u2019 \u015feklinde oluyordu. Yani e\u015f ve \u00e7ocuklar\u0131n getirilmesiyle s\u0131n\u0131rl\u0131 kald\u0131. Ancak Ri\u00e7iklilerin say\u0131lar\u0131nda 80\u2019li y\u0131llarla birlikte \u00e7o\u011falma oldu.<br \/>\nT\u00fcrkiye&#8217;de 1980 askeri fa\u015fist darbeyle birlikte var olan ekonomik s\u0131k\u0131nt\u0131lar\u0131n yan\u0131nda devletin Dersim\u2019de uygulad\u0131\u011f\u0131 fa\u015fist bask\u0131lar, zorla k\u00f6y bo\u015faltmalar\u0131, etnik ve dini bask\u0131lar da yo\u011funla\u015f\u0131nca \u00e7ok say\u0131da Ri\u00e7iklinin yurtd\u0131\u015f\u0131na g\u00f6\u00e7 etti\u011fini g\u00f6r\u00fcyoruz. Bug\u00fcn istisnas\u0131z Avrupa\u2019n\u0131n b\u00fct\u00fcn \u00fclkelerine g\u00f6\u00e7 etmi\u015f \u00e7ok say\u0131da Ri\u00e7ikli vard\u0131r. \u0130lk ba\u015fta tamam\u0131yla ekonomik sebeplerle yurtd\u0131\u015f\u0131na gelen Ri\u00e7iklilerin yerine daha gen\u00e7, politize olmu\u015f, \u00f6grencilerin, akademisyenlerin, y\u00fcksek tahsillilerin de i\u00e7inde oldu\u011fu dinamik bir kesimin yurtd\u0131\u015f\u0131na g\u00f6\u00e7 etmek zorunda kald\u0131klar\u0131n\u0131 tespit edebiliyoruz. \u00d6n\u00fcm\u00fczdeki d\u00f6nemde k\u00f6yl\u00fclerimizin tam say\u0131s\u0131n\u0131 bu sitemizde yay\u0131nlayaca\u011f\u0131z.<br \/>\n\u00dcz\u00fclerek ifade etmek istiyoruz ki, bug\u00fcn Avrupa&#8217;da ya\u015fayan Ri\u00e7ikli k\u00f6yl\u00fclerimizin gerek kendi aralar\u0131nda gerekse geldi\u011fimiz k\u00f6y\u00fcm\u00fczle olan ba\u011flar\u0131 olduk\u00e7a zay\u0131flam\u0131\u015f durumdad\u0131r. Baz\u0131lar\u0131m\u0131z arada bir tatil amac\u0131yla k\u00f6ye gidip gelseler de, \u00e7o\u011fumuzun uzun y\u0131llard\u0131r gitmedi\u011fini de tespit edebiliyoruz. Ayr\u0131ca \u00e7ocuklar\u0131m\u0131z ve torunlar\u0131m\u0131z\u0131n k\u00f6y\u00fcm\u00fcz\u00fcn haritadaki yerini bile g\u00f6steremedi\u011fini \u00fcz\u00fclerek ifade etmek istiyoruz. Yine ya\u015fad\u0131\u011f\u0131m\u0131z Avrupa\u2019da bir\u00e7ok imkan varken aram\u0131zdaki ba\u011flar\u0131m\u0131z olduk\u00e7a zay\u0131ft\u0131r. K\u0131smen ya d\u00fc\u011f\u00fcnlerde ya da cenazelerde bulu\u015fabiliyoruz. Konu\u015ftu\u011fumuz k\u00f6yl\u00fclerimizin bir \u00e7o\u011funun k\u00f6ylerini \u00f6zledi\u011fini, vatan hasreti \u00e7ekti\u011fini, olanaklar oldu\u011fu m\u00fcddet\u00e7e k\u00f6ylerini ziyaret etmek istedi\u011fini duyuyoruz ve istiyoruz.<br \/>\nNe var ki, k\u00f6ye seyrek de olsa gidip gelen arkada\u015flar\u0131n ortak g\u00f6r\u00fc\u015f\u00fc \u015f\u00f6yle; k\u00f6yde tatil yapma, bar\u0131nma ve hatta geri d\u00f6nebilme olanaklar\u0131n\u0131n hemen hemen olmad\u0131\u011f\u0131 bi\u00e7imindedir.<br \/>\nBiz kurdu\u011fumuz derne\u011fimizle k\u00f6y\u00fcm\u00fczdeki sorunlar\u0131n \u00e7\u00f6z\u00fcm\u00fc i\u00e7in yard\u0131mc\u0131 olmak istiyoruz.Tabii ki k\u00f6y\u00fcm\u00fczdeki olanaks\u0131zl\u0131klar ve problemler sadece yurtd\u0131\u015f\u0131ndaki k\u00f6yl\u00fclerimizin tespiti ile s\u0131n\u0131rl\u0131 de\u011fildir. Ayn\u0131 problemleri \u0130stanbul\u2019da y\u0131llardan beri faaliyet y\u00fcr\u00fcten Ri\u00e7ikliler derne\u011fi ve K\u00f6y muhtar\u0131m\u0131z\u0131n da tespitleri aras\u0131ndad\u0131r.<br \/>\nK\u0131saca belirtmek gerekirse: K\u00f6y\u00fcm\u00fcz\u00fcn b\u00fcy\u00fck su sorunu, mahalle ve mezralar\u0131n aras\u0131nda ula\u015f\u0131m (yol) sorunu, k\u00f6y arazisinde dola\u015fabilecek olanaklar\u0131n sa\u011flanmas\u0131, Maddi imkanlar\u0131 olmayan \u00f6\u011frencilerin burs sorunu, tar\u0131m ve yerli meyvelerin korunma ve \u00e7o\u011faltma gibi ve her \u015feyden \u00f6nce ekolojik yap\u0131n\u0131n korunmas\u0131 i\u00e7in acil tedbirler vs&#8230;<br \/>\nDerne\u011fimizin kurulmas\u0131yla, bu sorunlar\u0131n yan\u0131nda daha birtak\u0131m konular\u0131 dernek y\u00f6netim kurulumuz, k\u00f6y muhtar\u0131m\u0131z ve \u0130stanbul\u2019daki Ri\u00e7ikliler derne\u011fi ile irtibata ge\u00e7erek bu sorunlar\u0131n ortakla\u015farak \u00e7\u00f6z\u00fcm\u00fc konusunda prensipte g\u00f6r\u00fc\u015f birli\u011fine vard\u0131lar. Ayr\u0131ca derne\u011fimizin g\u00f6r\u00fc\u015flerini \u0130stanbul\u2019daki Ri\u00e7ikliler Derne\u011fine ve Muhtarl\u0131\u011fa iletmek, onlar\u0131n g\u00f6r\u00fc\u015f ve tekliflerini derne\u011fimize iletmek i\u00e7in bir Y\u00f6netim Kurulu \u00fcyemizi g\u00f6revlendirmi\u015f durumdad\u0131r.<br \/>\nA\u00e7\u0131kt\u0131r ki, k\u00f6y\u00fcm\u00fcz\u00fcn va rolan sorunlar\u0131n\u0131 biz yurtd\u0131\u015f\u0131ndaki Ri\u00e7iklilerin tek ba\u015f\u0131na \u00e7\u00f6zebilecek olanak ve kapasiteye sahip de\u011filiz. Var olan sorunlar\u0131 olanaklar\u0131m\u0131z \u00f6l\u00e7\u00fcs\u00fcnde \u0130stanbul Ri\u00e7ik Derne\u011fi ve Muhtarl\u0131\u011f\u0131n da i\u00e7inde oldu\u011fu bir koordinasyon temelinde ele al\u0131p \u00e7\u00f6zebiliriz. Biz olanaklar\u0131m\u0131z \u00f6l\u00e7\u00fcs\u00fcnde k\u00f6y\u00fcm\u00fcz\u00fcn sorunlar\u0131n\u0131 \u00e7\u00f6zmek i\u00e7in her t\u00fcrl\u00fc deste\u011fi sunmaya haz\u0131r\u0131z.<br \/>\nDerne\u011fimizin temel kurulu\u015f ama\u00e7lar\u0131ndan biri de Avrupa\u2019daki Ri\u00e7iklileri bir araya getirmek, birlik ve beraberlik i\u00e7inde dayan\u0131\u015fmay\u0131 sa\u011flamakt\u0131r.<br \/>\nBir ba\u015fka \u00f6nemli konu da bizlerin, \u00e7ocuklar\u0131m\u0131z\u0131n ve torunlar\u0131m\u0131z\u0131n k\u00f6y\u00fcm\u00fczle duygusal ba\u011flar\u0131n\u0131n geli\u015ftirilmesi ve g\u00fc\u00e7lendirilmesi i\u00e7in her t\u00fcrl\u00fc olana\u011f\u0131 yaratmak olmal\u0131d\u0131r. Sadece k\u00f6yde do\u011fup b\u00fcy\u00fcyenlerin gidip gelmeleri de\u011fil, ayn\u0131 zamanda ikinci ve \u00fc\u00e7\u00fcnc\u00fc ku\u015faktan insanlar\u0131m\u0131z\u0131n da k\u00f6ye gidip gelebilmesi, orada tatil yapabilmeleri ve hatta yabanc\u0131 arkada\u015flar\u0131n\u0131 da birlikte getirebilecek olanaklar\u0131n sa\u011flanmas\u0131n\u0131 arzuluyoruz. Bu konu sadece anne ve babalar\u0131n arzusu olamaz. Biz bizden sonraki nesillerin de nereden geldiklerini, k\u00f6klerini bilmesi konusunda haklar\u0131n\u0131n oldu\u011funu vurgulamak istiyoruz.<br \/>\nYukar\u0131da ifade etti\u011fimiz g\u00f6rev ve istemlerimiz i\u00e7in yurtd\u0131\u015f\u0131ndaki b\u00fct\u00fcn Ri\u00e7ikli hem\u015fehrilerimizin derne\u011fimizle ili\u015fkiye ge\u00e7mesini, bize \u00fcye olmas\u0131n\u0131 ve bu vesileyle hayallerimize ortak olmaya \u00e7a\u011f\u0131r\u0131yoruz.<br \/>\nHerkese kucak dolusu Ri\u00e7ik Selamlar\u0131,<br \/>\nAvrupa Dersim Ri\u00e7ikliler Derne\u011fi Y\u00f6netim Kurulu<\/p>\n<header class=\"entry-header-outer\">\n<div class=\"entry-header\">\n<header class=\"entry-header-outer\">\n<div class=\"entry-header\">\n<h1 class=\"post-title entry-title\">Avrupa Dersim Ri\u00e7ikliler Derne\u011fi Kurucu Delegeleri<\/h1>\n<\/div>\n<\/header>\n<div class=\"featured-area\">\n<div class=\"featured-area-inner\">\n<figure class=\"single-featured-image\"><img loading=\"lazy\" decoding=\"async\" class=\"attachment-jannah-image-post wp-post-image aligncenter\" src=\"https:\/\/avruparicik.com\/wp-content\/uploads\/2022\/02\/DSC00047-1024x683-1-780x470.jpg\" alt=\"\" width=\"588\" height=\"355\" \/><\/figure>\n<\/div>\n<\/div>\n<div class=\"entry-content entry clearfix\">\n<p>De\u011ferli arkada\u015flar, say\u0131n okurlar\u0131m\u0131z,<\/p>\n<p>Avrupa Dersim Ri\u00e7ikliler Derne\u011fi\u2019mizi kurarken b\u00fct\u00fcn k\u0131s\u0131tl\u0131 olanaklara ve ileti\u015fimdeki yetersizliklere ra\u011fmen foto\u011frafta da g\u00f6r\u00fcld\u00fc\u011f\u00fcn gibi olduk\u00e7a yo\u011fun bir kat\u0131l\u0131mla derne\u011fimizi kurmu\u015f olduk. Elbetteki arzumuz Avrupa\u2019da ya\u015fayan b\u00fct\u00fcn Ri\u00e7ikli hem\u015fehrilerimizi bu toplant\u0131da bir arada g\u00f6rmekti, ancak, elimizde ileti\u015fim olanaklar\u0131 (k\u0131sa \u00f6n haz\u0131rl\u0131k, telefon, adres vb.) olmamas\u0131 kat\u0131l\u0131m\u0131n y\u00fcksek d\u00fczeyde olmas\u0131n\u0131 m\u00fcmk\u00fcn k\u0131lmad\u0131. \u00d6te yandan, ilk toplant\u0131m\u0131z olmas\u0131na ra\u011fmen bu kadar yo\u011fun bir ilginin olmas\u0131 bizi olduk\u00e7a sevindirdi. \u00d6n\u00fcm\u00fczdeki d\u00f6nemde Avrupa\u2019daki b\u00fct\u00fcn Ri\u00e7ik ve Dersimli hem\u015fehrilerimizle ileti\u015fime ge\u00e7ip bir sonraki toplant\u0131m\u0131zda mutlaka daha b\u00fcy\u00fck bir kitlenin kat\u0131laca\u011f\u0131n\u0131 umuyor ve bunu ger\u00e7ekle\u015ftirece\u011fimize inan\u0131yoruz. Kat\u0131lan b\u00fct\u00fcn delege arkada\u015flar\u0131m\u0131za buradan bir kez daha sonsuz te\u015fekk\u00fcrlerimizi iletiyoruz.<\/p>\n<p>Avrupa Dersim Ri\u00e7ikliler Derne\u011fi Y\u00f6netim Kurulu<\/p>\n<\/div>\n<h1>\u00a0T\u00dcZ\u00dcK<\/h1>\n<\/div>\n<\/header>\n<div class=\"entry-content entry clearfix\">\n<p><strong>AVRUPA DERS\u0130M R\u0130\u00c7\u0130KL\u0130LER DERNE\u011e\u0130 T\u00dcZ\u00dc\u011e\u00dc<\/strong><br \/>\n<strong>(Dersim Ricik in Europa e.V.)<\/strong><\/p>\n<p>Bu t\u00fcz\u00fck, derne\u011fin Alman dernekler masas\u0131na sunulan Almanca t\u00fcz\u00fc\u011f\u00fcn asl\u0131na uygun olarak T\u00fcrk\u00e7eye \u00e7evirisidir.<\/p>\n<p><strong>Madde 1, Derne\u011fin \u0130smi ve Yeri:<\/strong><br \/>\nDerne\u011fin ismi: Avrupa Dersim Ri\u00e7ikliler Derne\u011fi<br \/>\n(Dernekler masas\u0131na kay\u0131tl\u0131d\u0131r ve e.V. ibaresini ta\u015f\u0131maktad\u0131r)<br \/>\nDerne\u011fin merkezi K\u00f6ln \u015fehridir.<\/p>\n<p><strong>Madde 2, Mali y\u0131l: Mali y\u0131l takvim y\u0131l\u0131d\u0131r.<\/strong><\/p>\n<p><strong>Madde 3, Derne\u011fin amac\u0131:<\/strong><\/p>\n<p>Madde 3.1, Dernek, tamamen kamu yarar\u0131na ve vergi kanununun \u201cvergi imtiyazl\u0131 ama\u00e7lar\u0131\u201c b\u00f6l\u00fcm\u00fcnde ifade edildi\u011fi gibi kar amac\u0131 g\u00fctmeden \u00e7al\u0131\u015f\u0131r.<\/p>\n<p>Madde 3.2, Derne\u011fin amac\u0131 Ri\u00e7ik (Ge\u00e7itveren\/Tunceli\/T\u00fcrkiye) ve \u00e7evresine dayan\u0131\u015fma amac\u0131yla finansal imkanlar\u0131n\u0131 kendisi temin ederek yard\u0131mda bulunmak,<br \/>\nRi\u00e7ik ve \u00e7evresinde e\u011fitim faaliyetlerini te\u015fvik ve desteklemek,<br \/>\nRicik ve \u00e7evresinde ya\u015fayanlarla Avrupa\u2019dakiler aras\u0131nda sanat\u0131, k\u00fclt\u00fcr\u00fc, gen\u00e7lerin e\u011fitimlerini desteklemek, ya\u015fl\u0131 ve muhta\u00e7 insanlara maddi destek sunmak.<\/p>\n<p>Madde 3.3, Kad\u0131n ve k\u0131zlar\u0131n e\u011fitimlerini desteklemek i\u00e7in maddi kaynak sa\u011flamak<\/p>\n<p>Madde 3.4, Kad\u0131n ve erkek e\u015fitli\u011fini sa\u011flay\u0131c\u0131 faaliyetleri destekleme ve te\u015fvik etmek<\/p>\n<p>Madde 3.5, Okul ve y\u00fcksekokul \u00f6\u011frencileri i\u00e7in burs temin etmek<\/p>\n<p>Madde 3.6, Do\u011fay\u0131 ve \u00e7evreyi koruma ama\u00e7l\u0131 k\u00f6yl\u00fcler aras\u0131nda duyarl\u0131l\u0131\u011f\u0131n geli\u015ftirilmesi<\/p>\n<p>Madde3.7, Uluslararas\u0131 insani ili\u015fkilerin geli\u015ftirilmesi, k\u00fclt\u00fcr, sanat, ho\u015fg\u00f6r\u00fcy\u00fc destek ve te\u015fvik<\/p>\n<p>Madde 3.8, Sporun desteklenmesi<\/p>\n<p>Madde 3.9, Altyap\u0131 i\u015flerinin desteklenmesi<\/p>\n<p>T\u00fcz\u00fckte \u00f6ng\u00f6r\u00fclen bu ama\u00e7lar\u0131n yerine getirilmesi i\u00e7in, \u00f6zellikle;<br \/>\n-Maddi kaynaklar\u0131n yarat\u0131lmas\u0131 i\u00e7in kar\u015f\u0131l\u0131kl\u0131 dayan\u0131\u015fma ve yard\u0131mla\u015fmaya te\u015fvik,<br \/>\n-Yap\u0131lacak yard\u0131mlar\u0131n Ri\u00e7ik\u2019te amac\u0131na uygun da\u011f\u0131t\u0131m\u0131n\u0131 sa\u011flamak,<br \/>\n-Maddi yard\u0131m toplama,<br \/>\n-At\u00f6lyeler, konferanslar, seminerler, sergiler, e\u011fitim kurslar\u0131, ileri e\u011fitim, tamamlay\u0131c\u0131 e\u011fitim, tart\u0131\u015fma guruplar\u0131, k\u00fclt\u00fcrel etkinlikler, yay\u0131nlar, belgeler vs. organize etmek<\/p>\n<p><strong>Madde 4, \u00d6zverili \u00c7al\u0131\u015fma<\/strong><br \/>\nDernek \u00f6zverili bir \u015fekilde \u00e7al\u0131\u015f\u0131r, \u00f6ncelikli olarak kendi ekonomik \u00e7\u0131karlar\u0131n\u0131 g\u00f6zetmez. Ancak gerekli \u00f6nlemleri alarak, derne\u011fin ama\u00e7lar\u0131 ve t\u00fcz\u00fckte belirtilen konulardaki faaliyetleri i\u00e7in ba\u011f\u0131\u015flar\u0131n yan\u0131nda kaynak yaratmak i\u00e7in \u00e7e\u015fitli etkinlikleri organize ederek kaynak yaratmaya \u00e7al\u0131\u015f\u0131r.<\/p>\n<p><strong>Madde 5, Kaynaklar\u0131n Kullan\u0131m\u0131<\/strong><br \/>\nDerne\u011fin kaynaklar\u0131, sadece derne\u011fin ama\u00e7lar\u0131 i\u00e7in kullan\u0131labilir. \u00dcyeler derne\u011fin kaynaklar\u0131ndan hi\u00e7bir maddi \u00e7\u0131kar sa\u011flayamazlar. \u00dcyeler dernekten ayr\u0131ld\u0131ktan sonra derne\u011fin varl\u0131klar\u0131ndan pay alamazlar.<\/p>\n<p><strong>Madde 6, Avantajlar\u0131 Yasaklama<\/strong><br \/>\nHi\u00e7 kimse derne\u011fin amac\u0131na ayk\u0131r\u0131 davranamaz, giderlerinden ve orant\u0131s\u0131z olarak y\u00fcksek kurumsal \u00fccretten yararlanamaz.<\/p>\n<p><strong>Madde 7, \u00dcyelik<\/strong><br \/>\nBu t\u00fcz\u00fc\u011f\u00fc tan\u0131yan ve derne\u011fin hedeflerini destekleyen herkes veya t\u00fczel ki\u015filer derne\u011fe \u00fcye olabilir.<br \/>\n\u00dcyelik i\u00e7in yaz\u0131l\u0131 ba\u015fvuru gereklidir.<br \/>\n\u00dcyelik ba\u015fvurusuna y\u00f6netim kurulu karar verir.<br \/>\n\u00dcyelik ba\u015fvurusunun y\u00f6netim kurulunca reddi durumunda herhangi bir gerek\u00e7e g\u00f6sterilmesi zorunlu de\u011fildir, ancak ba\u015fvurunun reddine kar\u015f\u0131 genel kurulda ba\u015fvuran\u0131n itiraz etme hakk\u0131 sakl\u0131d\u0131r ve nihai karar\u0131 genel kurul verir.<\/p>\n<p><strong>Madde 8, \u00dcyeli\u011fin Sona Ermesi<\/strong><br \/>\nKi\u015fi istifa etti\u011finde, \u00fcyelikten d\u00fc\u015f\u00fcr\u00fcld\u00fc\u011f\u00fcnde, \u00f6l\u00fcm ya da t\u00fczel \u00fcyeli\u011fin ba\u011fl\u0131 oldu\u011fu kurum da\u011f\u0131ld\u0131\u011f\u0131nda \u00fcyelik sona erer.<\/p>\n<p>\u0130stifa, y\u00f6netim kuruluna mali y\u0131l sonu itibari ile yaz\u0131l\u0131 olarak bildirilir. \u0130stifa beyan\u0131 mali y\u0131l bitiminden en az 6 hafta \u00f6nce y\u00f6netim kuruluna verilmelidir.<\/p>\n<p>\u00dcyelikten \u00e7\u0131kar\u0131lma ancak \u00f6nemli bir nedenden \u00f6t\u00fcr\u00fc yap\u0131labilir. \u00d6nemli nedenler \u00f6zellikle derne\u011fin hedeflerine zarar verici davran\u0131\u015flar, t\u00fcz\u00fck h\u00fck\u00fcmlerinin ihlali veya en az bir y\u0131ll\u0131k aidat\u0131n \u00f6denmemesidir. Y\u00f6netim kurulu bu durumlarda \u00fcyelikten \u00e7\u0131karmaya karar verir. \u00c7\u0131kar\u0131lan \u00fcyenin bir ay i\u00e7inde y\u00f6netim kuruluna itiraz hakk\u0131 vard\u0131r. Genel kurul nihai karar\u0131 al\u0131r. \u00dcyelikten \u00e7\u0131kar\u0131lan ki\u015finin mahkemelere ba\u015fvurarak tedbiri inceleme hakk\u0131 sakl\u0131d\u0131r. \u0130lgili mahkemeye yap\u0131lan itiraz, mahkeme karar\u0131 kesinle\u015finceye kadar ask\u0131ya al\u0131n\u0131r.<\/p>\n<p><strong>Madde 9, \u00dcyelik Aidat\u0131<\/strong><br \/>\n\u00dcyeler \u00fcyelik aidat\u0131n\u0131 \u00f6demekle y\u00fck\u00fcml\u00fcd\u00fcrler. Aidatlar\u0131n miktar\u0131n\u0131 ve \u00f6deme zaman\u0131n\u0131 Genel Kurul belirler.<\/p>\n<p><strong>Madde 10, Derne\u011fin Organlar\u0131<\/strong><\/p>\n<p>Genel Kurul<\/p>\n<p>Y\u00f6netim Kurulu<\/p>\n<p><strong>Madde 11, Genel Kurul<\/strong><br \/>\nGenel kurul derne\u011fin en \u00fcst organ\u0131d\u0131r. Genel Kurulun g\u00f6revleri, y\u00f6netim kurulunun se\u00e7imi ve y\u00f6netim kurulunun g\u00f6revinin sonland\u0131r\u0131lmas\u0131, y\u00f6netim kurulunun aklanmas\u0131, y\u00f6netim kurulu raporlar\u0131n\u0131n onaylanmas\u0131, mali denet\u00e7ilerin se\u00e7imi, \u00fcyelik aidatlar\u0131n\u0131n miktar\u0131 ve \u00f6deme \u015feklinin belirlenmesi, t\u00fcz\u00fck de\u011fi\u015fikli\u011fi, derne\u011fin feshi, yeni \u00fcyelerin al\u0131m\u0131 veya \u00fcyelikten d\u00fc\u015f\u00fcr\u00fclmesi, itiraz ve benzeri konularda t\u00fcz\u00fck ve yasalar \u00e7er\u00e7evesinde karar vermek.<\/p>\n<p>Her mali y\u0131l\u0131n ilk \u00e7eyre\u011finde ola\u011fan bir genel kurul yap\u0131l\u0131r.<\/p>\n<p>Y\u00f6netim kurulu, \u00fcyelerinin en az \u00fc\u00e7te birinin sebepleriyle birlikte yaz\u0131l\u0131 olarak talepte bulunmas\u0131 halinde ola\u011fan\u00fcst\u00fc bir genel kurul toplant\u0131s\u0131 yapmakla y\u00fck\u00fcml\u00fcd\u00fcr.<\/p>\n<p>Genel kurul i\u00e7in \u00fcyeler toplant\u0131 g\u00fcndemiyle yaz\u0131l\u0131 olarak \u00fc\u00e7 hafta \u00f6nceden bildirilerek \u00e7a\u011fr\u0131l\u0131r. S\u00fcre, davet mektubunun g\u00f6nderilmesini takip eden g\u00fcn ba\u015flar. Davet mektubu, derne\u011fe verilen son adrese g\u00f6nderilir ve \u00fcyeler taraf\u0131ndan al\u0131nm\u0131\u015f say\u0131l\u0131r.<br \/>\nGenel Kurul g\u00fcndemine ili\u015fkin Genel Kurul tarihinden bir hafta \u00f6nce bir \u00fcyenin yaz\u0131l\u0131 talebiyle d\u00fczeltmeler yap\u0131labilir. D\u00fczeltme talebi Genel kurulun ba\u015flang\u0131c\u0131nda ele al\u0131narak karara ba\u011flan\u0131r.<\/p>\n<p>Davetiyede yer almam\u0131\u015fsa, y\u00f6netim kurulunun g\u00f6revden al\u0131nmas\u0131, t\u00fcz\u00fc\u011f\u00fcn de\u011fi\u015ftirilmesi ve derne\u011fin feshine ili\u015fkin teklifler ancak bir sonraki genel kurulda karara ba\u011flanabilir.<\/p>\n<p>Genel Kurul toplant\u0131da haz\u0131r bulunan \u00fcye say\u0131s\u0131n\u0131n %51\u2019i ile karar alma yetkisine sahiptir.<br \/>\nGenel Kurula bu say\u0131n\u0131n alt\u0131nda \u00fcye kat\u0131lm\u0131\u015fsa Y\u00f6netim kurulu d\u00f6rt (4) hafta i\u00e7inde 2. bir Genel Kurulu toplamakla y\u00fck\u00fcml\u00fcd\u00fcr. 2. Genel Kurula kat\u0131lan delegelerde \u00fcye \u00e7o\u011funlu\u011fu aranmadan Genel Kurulda karar alma hakk\u0131 vard\u0131r.<\/p>\n<p>Genel kurul toplant\u0131n\u0131n ba\u015f\u0131nda bir sekreter se\u00e7er. Her \u00fcye bir oy hakk\u0131na sahiptir. Oy hakk\u0131 ba\u015fkas\u0131na devredilmez. Genel kurulda al\u0131nan kararlar i\u00e7in salt \u00e7o\u011funluk yeterlidir.<\/p>\n<p>T\u00fcz\u00fc\u011f\u00fcn de\u011fi\u015ftirilmesinde delegelerin %51\u2019inin oyu zorunludur.<br \/>\nDerne\u011fin feshi i\u00e7in delegelerin ancak 3\/2\u2019\u00fcn\u00fcn karar\u0131yla m\u00fcmk\u00fcnd\u00fcr.<\/p>\n<p>\u00c7ekimser ve ge\u00e7ersiz oylar dikkate al\u0131nmaz.<\/p>\n<p>Genel kurulda al\u0131nan kararlar bir protokolle kay\u0131t alt\u0131na al\u0131n\u0131r. Ba\u015fkan ve sekreter taraf\u0131ndan imzalan\u0131rlar.<\/p>\n<p><strong>Madde 12, Y\u00f6netim Kurulu<\/strong><br \/>\nY\u00f6netim kurulu genel kurul taraf\u0131ndan iki y\u0131l i\u00e7in se\u00e7ilen en az yedi en fazla dokuz \u00fcyeden olu\u015fur. Y\u00f6netim Kurulu bir sonraki Genel Kurulda tekrar se\u00e7ilebilir.<\/p>\n<p>Y\u00f6netim Kurulu kendi \u00fcyeleri aras\u0131nda;<\/p>\n<ol>\n<li>Ba\u015fkan<br \/>\n2. Ba\u015fkan<br \/>\nSekreter<br \/>\nSayman, se\u00e7erek g\u00f6rev b\u00f6l\u00fcm\u00fc yaparlar.<\/li>\n<\/ol>\n<p>Dernek, 1. Ba\u015fkan ve 2. Ba\u015fkan olmak \u00fczere iki Y\u00f6netim Kurulu \u00fcyesi taraf\u0131ndan mahkemelere ve kamuya kar\u015f\u0131 derne\u011fi temsil ederler.<\/p>\n<p>Y\u00f6netim Kurulu \u00fcyeliklerine sadece dernek \u00fcyeleri se\u00e7ilebilirler.<\/p>\n<p>Yeni bir Y\u00f6netim Kurulu se\u00e7ilene kadar g\u00f6revde kal\u0131rlar.<\/p>\n<p>Derne\u011fe \u00fcyeli\u011fi sona eren Y\u00f6netim kurulu \u00fcyesinin y\u00f6netim kurulu \u00fcyeli\u011fi de d\u00fc\u015fer.<\/p>\n<p><strong>Madde 13, Mali Denetim<\/strong><br \/>\nGenel Kurul iki y\u0131ll\u0131\u011f\u0131na mali denet\u00e7i se\u00e7er. Bu denet\u00e7i y\u00f6netim kurulu \u00fcyesi olamaz. Yeniden se\u00e7ilebilir. G\u00f6revi; Derne\u011fin gelir ve giderlerini denetlemek, Genel kurula bir raporla sonucu sunmakt\u0131r.<\/p>\n<p><strong>Madde 14, Derne\u011fin Feshi<\/strong><br \/>\nDerne\u011fin feshi ancak bu ama\u00e7 i\u00e7in \u00e7a\u011fr\u0131lan ola\u011fan\u00fcst\u00fc bir genel kurul toplant\u0131s\u0131nda, dernek t\u00fcz\u00fc\u011f\u00fcn\u00fcn 11. Maddesinde belirtilen ge\u00e7erli oy say\u0131s\u0131na g\u00f6re feshedilebilir.<\/p>\n<p>Dernek feshedilirse ya da vergi imtiyazl\u0131 ama\u00e7lar\u0131n ortadan kalkmas\u0131 halinde, derne\u011fin varl\u0131klar\u0131 do\u011frudan ve m\u00fcnhas\u0131ran, hay\u0131r ama\u00e7l\u0131 olarak kullanmak zorunda olan \u201cUnicef Deutschland e.V.\u201c derne\u011fine d\u00fc\u015fer<\/p>\n<p><strong>*T\u00fcz\u00fc\u011f\u00fcn 11.madesi 1.Genel kurulda de\u011fi\u015ft\u0131r\u0131ld\u0131\u011f\u0131 gibidir.<\/strong><\/p>\n<\/div>\n<div class=\"entry-content entry clearfix\">\n<p>&nbsp;<\/p>\n<\/div>\n[\/vc_column_text][\/vc_column][\/vc_row]\n","protected":false},"excerpt":{"rendered":"<p>[vc_row][vc_column][vc_column_text] Avrupa Dersim Ri\u00e7ikliler Derne\u011fimizin 1. Ola\u011fan Genel Kurulu ba\u015far\u0131yla sonu\u00e7land\u0131 25\u00a0Aral\u0131k 2021 tarihinde ger\u00e7ekle\u015fen kongremiz de yeni y\u00f6netimimiz belirlenmi\u015ftir .Aram\u0131za kat\u0131larak y\u00f6netime dahil olan sevgili dostlar\u0131m\u0131zla yolumuza devam edece\u011fiz.Beraber ba\u015flatt\u0131\u011f\u0131m\u0131z bu dayan\u0131\u015fma a\u011f\u0131nda bize destek vererek yan\u0131m\u0131zda olan t\u00fcm dostlar\u0131m\u0131za te\u015fekk\u00fcr ederiz!\u0130stanbul da bulunan Ri\u00e7ik derne\u011fi ba\u015fkan\u0131 say\u0131n Dilek Bak\u0131\u015f\u2019a,Ri\u00e7ik derne\u011fi kurucu ba\u015fkan\u0131 say\u0131n &hellip;<\/p>\n","protected":false},"author":1,"featured_media":0,"parent":0,"menu_order":0,"comment_status":"closed","ping_status":"closed","template":"","meta":{"footnotes":""},"class_list":["post-2063","page","type-page","status-publish","hentry"],"_links":{"self":[{"href":"https:\/\/avruparicik.com\/index.php?rest_route=\/wp\/v2\/pages\/2063","targetHints":{"allow":["GET"]}}],"collection":[{"href":"https:\/\/avruparicik.com\/index.php?rest_route=\/wp\/v2\/pages"}],"about":[{"href":"https:\/\/avruparicik.com\/index.php?rest_route=\/wp\/v2\/types\/page"}],"author":[{"embeddable":true,"href":"https:\/\/avruparicik.com\/index.php?rest_route=\/wp\/v2\/users\/1"}],"replies":[{"embeddable":true,"href":"https:\/\/avruparicik.com\/index.php?rest_route=%2Fwp%2Fv2%2Fcomments&post=2063"}],"version-history":[{"count":20,"href":"https:\/\/avruparicik.com\/index.php?rest_route=\/wp\/v2\/pages\/2063\/revisions"}],"predecessor-version":[{"id":7212,"href":"https:\/\/avruparicik.com\/index.php?rest_route=\/wp\/v2\/pages\/2063\/revisions\/7212"}],"wp:attachment":[{"href":"https:\/\/avruparicik.com\/index.php?rest_route=%2Fwp%2Fv2%2Fmedia&parent=2063"}],"curies":[{"name":"wp","href":"https:\/\/api.w.org\/{rel}","templated":true}]}}